{"id":804,"date":"2017-08-23T21:58:44","date_gmt":"2017-08-23T21:58:44","guid":{"rendered":"http:\/\/biologia.ufpa.br\/?page_id=804"},"modified":"2017-08-23T21:58:44","modified_gmt":"2017-08-23T21:58:44","slug":"fotografias-concurso","status":"publish","type":"page","link":"https:\/\/biologia.ufpa.br\/?page_id=804","title":{"rendered":"fotografias-concurso"},"content":{"rendered":"<!-- index.php -->\n<div\n\tclass=\"ngg-galleryoverview ngg-ajax-pagination-none\"\n\tid=\"ngg-gallery-a61ea56ea9918c6371a810258b94bdd8-1\">\n\n    \t<div class=\"slideshowlink\">\n        <a href='https:\/\/biologia.ufpa.br\/index.php\/nggallery\/slideshow?page_id=804'>[Show as slideshow]<\/a>\n\t\t\n\t<\/div>\n\t\t\t<!-- Thumbnails -->\n\t\t\t\t<div id=\"ngg-image-0\" class=\"ngg-gallery-thumbnail-box\" >\n\t\t\t\t        <div class=\"ngg-gallery-thumbnail\">\n            <a href=\"https:\/\/biologia.ufpa.br\/wp-content\/gallery\/fotografias-concurso\/meno-3.jpg\"\n               title=\"Ang\u00e9lica L\u00facia Figueiredo Rodrigues\r\nT\u00edtulo: Resist\u00eancia da natureza, Camar\u00e1 de Marapanim (Par\u00e1), outubro 2006.\"\n               data-src=\"https:\/\/biologia.ufpa.br\/wp-content\/gallery\/fotografias-concurso\/meno-3.jpg\"\n               data-thumbnail=\"https:\/\/biologia.ufpa.br\/wp-content\/gallery\/fotografias-concurso\/thumbs\/thumbs_meno-3.jpg\"\n               data-image-id=\"2\"\n               data-title=\"meno-3\"\n               data-description=\"Ang\u00e9lica L\u00facia Figueiredo Rodrigues\r\nT\u00edtulo: Resist\u00eancia da natureza, Camar\u00e1 de Marapanim (Par\u00e1), outubro 2006.\"\n               data-image-slug=\"meno-3\"\n               class=\"shutterset_a61ea56ea9918c6371a810258b94bdd8\">\n                <img\n                    title=\"meno-3\"\n                    alt=\"meno-3\"\n                    src=\"https:\/\/biologia.ufpa.br\/wp-content\/gallery\/fotografias-concurso\/thumbs\/thumbs_meno-3.jpg\"\n                    width=\"100\"\n                    height=\"75\"\n                    style=\"max-width:100%;\"\n                \/>\n            <\/a>\n        <\/div>\n\t\t\t\t\t\t\t<\/div> \n\t\t\t\n        \n\t\t\t\t<div id=\"ngg-image-1\" class=\"ngg-gallery-thumbnail-box\" >\n\t\t\t\t        <div class=\"ngg-gallery-thumbnail\">\n            <a href=\"https:\/\/biologia.ufpa.br\/wp-content\/gallery\/fotografias-concurso\/primeiro.jpg\"\n               title=\"Evna Mara Moura Gutierrez\r\nSem t\u00edtulo, fevereiro de 2009.\"\n               data-src=\"https:\/\/biologia.ufpa.br\/wp-content\/gallery\/fotografias-concurso\/primeiro.jpg\"\n               data-thumbnail=\"https:\/\/biologia.ufpa.br\/wp-content\/gallery\/fotografias-concurso\/thumbs\/thumbs_primeiro.jpg\"\n               data-image-id=\"3\"\n               data-title=\"primeiro\"\n               data-description=\"Evna Mara Moura Gutierrez\r\nSem t\u00edtulo, fevereiro de 2009.\"\n               data-image-slug=\"primeiro\"\n               class=\"shutterset_a61ea56ea9918c6371a810258b94bdd8\">\n                <img\n                    title=\"primeiro\"\n                    alt=\"primeiro\"\n                    src=\"https:\/\/biologia.ufpa.br\/wp-content\/gallery\/fotografias-concurso\/thumbs\/thumbs_primeiro.jpg\"\n                    width=\"100\"\n                    height=\"75\"\n                    style=\"max-width:100%;\"\n                \/>\n            <\/a>\n        <\/div>\n\t\t\t\t\t\t\t<\/div> \n\t\t\t\n        \n\t\t\t\t<div id=\"ngg-image-2\" class=\"ngg-gallery-thumbnail-box\" >\n\t\t\t\t        <div class=\"ngg-gallery-thumbnail\">\n            <a href=\"https:\/\/biologia.ufpa.br\/wp-content\/gallery\/fotografias-concurso\/segundo.jpg\"\n               title=\"Luis Fernando Teixeira Nascimento\r\nT\u00edtulo: Beleza e cores, Santa B\u00e1rbara (PA), outubro de 2011.\"\n               data-src=\"https:\/\/biologia.ufpa.br\/wp-content\/gallery\/fotografias-concurso\/segundo.jpg\"\n               data-thumbnail=\"https:\/\/biologia.ufpa.br\/wp-content\/gallery\/fotografias-concurso\/thumbs\/thumbs_segundo.jpg\"\n               data-image-id=\"4\"\n               data-title=\"segundo\"\n               data-description=\"Luis Fernando Teixeira Nascimento\r\nT\u00edtulo: Beleza e cores, Santa B\u00e1rbara (PA), outubro de 2011.\"\n               data-image-slug=\"segundo\"\n               class=\"shutterset_a61ea56ea9918c6371a810258b94bdd8\">\n                <img\n                    title=\"segundo\"\n                    alt=\"segundo\"\n                    src=\"https:\/\/biologia.ufpa.br\/wp-content\/gallery\/fotografias-concurso\/thumbs\/thumbs_segundo.jpg\"\n                    width=\"100\"\n                    height=\"75\"\n                    style=\"max-width:100%;\"\n                \/>\n            <\/a>\n        <\/div>\n\t\t\t\t\t\t\t<\/div> \n\t\t\t\n        \n\t\t\t\t<div id=\"ngg-image-3\" class=\"ngg-gallery-thumbnail-box\" >\n\t\t\t\t        <div class=\"ngg-gallery-thumbnail\">\n            <a href=\"https:\/\/biologia.ufpa.br\/wp-content\/gallery\/fotografias-concurso\/meno-4.jpg\"\n               title=\"Luis Fernando Teixeira Nascimento\r\nT\u00edtulo: Cuidado da col\u00f4nia, Santa B\u00e1rbara (PA), julho de 2011.\"\n               data-src=\"https:\/\/biologia.ufpa.br\/wp-content\/gallery\/fotografias-concurso\/meno-4.jpg\"\n               data-thumbnail=\"https:\/\/biologia.ufpa.br\/wp-content\/gallery\/fotografias-concurso\/thumbs\/thumbs_meno-4.jpg\"\n               data-image-id=\"5\"\n               data-title=\"meno-4\"\n               data-description=\"Luis Fernando Teixeira Nascimento\r\nT\u00edtulo: Cuidado da col\u00f4nia, Santa B\u00e1rbara (PA), julho de 2011.\"\n               data-image-slug=\"meno-4\"\n               class=\"shutterset_a61ea56ea9918c6371a810258b94bdd8\">\n                <img\n                    title=\"meno-4\"\n                    alt=\"meno-4\"\n                    src=\"https:\/\/biologia.ufpa.br\/wp-content\/gallery\/fotografias-concurso\/thumbs\/thumbs_meno-4.jpg\"\n                    width=\"100\"\n                    height=\"75\"\n                    style=\"max-width:100%;\"\n                \/>\n            <\/a>\n        <\/div>\n\t\t\t\t\t\t\t<\/div> \n\t\t\t\n        \n\t\t\t\t<div id=\"ngg-image-4\" class=\"ngg-gallery-thumbnail-box\" >\n\t\t\t\t        <div class=\"ngg-gallery-thumbnail\">\n            <a href=\"https:\/\/biologia.ufpa.br\/wp-content\/gallery\/fotografias-concurso\/meno.jpg\"\n               title=\"Wander Sacramento da Silva. Sem t\u00edtulo\"\n               data-src=\"https:\/\/biologia.ufpa.br\/wp-content\/gallery\/fotografias-concurso\/meno.jpg\"\n               data-thumbnail=\"https:\/\/biologia.ufpa.br\/wp-content\/gallery\/fotografias-concurso\/thumbs\/thumbs_meno.jpg\"\n               data-image-id=\"6\"\n               data-title=\"meno\"\n               data-description=\"Wander Sacramento da Silva. Sem t\u00edtulo\"\n               data-image-slug=\"meno\"\n               class=\"shutterset_a61ea56ea9918c6371a810258b94bdd8\">\n                <img\n                    title=\"meno\"\n                    alt=\"meno\"\n                    src=\"https:\/\/biologia.ufpa.br\/wp-content\/gallery\/fotografias-concurso\/thumbs\/thumbs_meno.jpg\"\n                    width=\"100\"\n                    height=\"75\"\n                    style=\"max-width:100%;\"\n                \/>\n            <\/a>\n        <\/div>\n\t\t\t\t\t\t\t<\/div> \n\t\t\t\n        \n\t\t\t\t<div id=\"ngg-image-5\" class=\"ngg-gallery-thumbnail-box\" >\n\t\t\t\t        <div class=\"ngg-gallery-thumbnail\">\n            <a href=\"https:\/\/biologia.ufpa.br\/wp-content\/gallery\/fotografias-concurso\/c8fc5480483ed61d533c442294dd3216.jpg\"\n               title=\"\"\n               data-src=\"https:\/\/biologia.ufpa.br\/wp-content\/gallery\/fotografias-concurso\/c8fc5480483ed61d533c442294dd3216.jpg\"\n               data-thumbnail=\"https:\/\/biologia.ufpa.br\/wp-content\/gallery\/fotografias-concurso\/thumbs\/thumbs_c8fc5480483ed61d533c442294dd3216.jpg\"\n               data-image-id=\"83\"\n               data-title=\"c8fc5480483ed61d533c442294dd3216\"\n               data-description=\"\"\n               data-image-slug=\"c8fc5480483ed61d533c442294dd3216\"\n               class=\"shutterset_a61ea56ea9918c6371a810258b94bdd8\">\n                <img\n                    title=\"c8fc5480483ed61d533c442294dd3216\"\n                    alt=\"c8fc5480483ed61d533c442294dd3216\"\n                    src=\"https:\/\/biologia.ufpa.br\/wp-content\/gallery\/fotografias-concurso\/thumbs\/thumbs_c8fc5480483ed61d533c442294dd3216.jpg\"\n                    width=\"100\"\n                    height=\"75\"\n                    style=\"max-width:100%;\"\n                \/>\n            <\/a>\n        <\/div>\n\t\t\t\t\t\t\t<\/div> \n\t\t\t\n        \n\t\t\n\t\t<!-- Pagination -->\n\t<div class='ngg-clear'><\/div>\t<\/div>\n\n","protected":false},"excerpt":{"rendered":"","protected":false},"author":1,"featured_media":0,"parent":0,"menu_order":0,"comment_status":"closed","ping_status":"open","template":"","meta":{"ngg_post_thumbnail":0},"_links":{"self":[{"href":"https:\/\/biologia.ufpa.br\/index.php?rest_route=\/wp\/v2\/pages\/804"}],"collection":[{"href":"https:\/\/biologia.ufpa.br\/index.php?rest_route=\/wp\/v2\/pages"}],"about":[{"href":"https:\/\/biologia.ufpa.br\/index.php?rest_route=\/wp\/v2\/types\/page"}],"author":[{"embeddable":true,"href":"https:\/\/biologia.ufpa.br\/index.php?rest_route=\/wp\/v2\/users\/1"}],"replies":[{"embeddable":true,"href":"https:\/\/biologia.ufpa.br\/index.php?rest_route=%2Fwp%2Fv2%2Fcomments&post=804"}],"version-history":[{"count":0,"href":"https:\/\/biologia.ufpa.br\/index.php?rest_route=\/wp\/v2\/pages\/804\/revisions"}],"wp:attachment":[{"href":"https:\/\/biologia.ufpa.br\/index.php?rest_route=%2Fwp%2Fv2%2Fmedia&parent=804"}],"curies":[{"name":"wp","href":"https:\/\/api.w.org\/{rel}","templated":true}]}}